{"id":1108,"date":"2020-06-15T11:35:05","date_gmt":"2020-06-15T09:35:05","guid":{"rendered":"https:\/\/langueetcom.fr\/?page_id=1108"},"modified":"2024-10-11T17:36:33","modified_gmt":"2024-10-11T15:36:33","slug":"actions-dinsertion-professionnelle","status":"publish","type":"page","link":"https:\/\/langueetcom.fr\/actions-de-proximite\/actions-dinsertion-professionnelle\/","title":{"rendered":"Actions d&rsquo;insertion professionnelle"},"content":{"rendered":"[vc_section css=\u00a0\u00bb.vc_custom_1584006388801{padding-right: 15% !important;padding-left: 15% !important;}\u00a0\u00bb][vc_row full_width=\u00a0\u00bbstretch_row_content_no_spaces\u00a0\u00bb][vc_column]<div class=\"vcex-module vcex-image-banner wpex-relative wpex-overflow-hidden wpex-max-w-100 wpex-bg-gray-900 wpex-text-white wpex-float-center wpex-text-center\" ><span class=\"vcex-ib-img wpex-block wpex-z-1 wpex-transition-all wpex-duration-500 wpex-bg-cover wpex-absolute wpex-inset-0\" style=\"background-image:url(https:\/\/langueetcom.fr\/wp-content\/uploads\/2020\/07\/insertion-professionnnelle.jpg);background-position:center center;\"><\/span><div class=\"vcex-ib-overlay wpex-absolute wpex-z-5 wpex-inset-0 wpex-transition-all wpex-duration-500\"><div class=\"vcex-ib-overlay-bg wpex-absolute wpex-inset-0 wpex-bg-black wpex-opacity-30\" style=\"background:#000000;opacity:0.5;\"><\/div><\/div><div class=\"vcex-ib-content-wrap wpex-z-10 wpex-w-100 wpex-transition-all wpex-duration-500 wpex-relative wpex-clr\"><div class=\"vcex-ib-content wpex-mx-auto wpex-clr\"><h1 class=\"vcex-ib-title wpex-heading wpex-inherit-color-important\" data-wpex-rcss='{&quot;font-size&quot;:{&quot;d&quot;:&quot;6rem&quot;,&quot;tl&quot;:&quot;5rem&quot;,&quot;tp&quot;:&quot;5rem&quot;,&quot;pl&quot;:&quot;4rem&quot;,&quot;pp&quot;:&quot;4rem&quot;}}'>Actions d'insertion professionnelle<\/h1><\/div><\/div><\/div>[\/vc_column][\/vc_row][vc_row css=\u00a0\u00bb.vc_custom_1584007314899{margin-top: 5% !important;}\u00a0\u00bb][vc_column width=\u00a0\u00bb2\/3&Prime;]<h1 class=\"vcex-heading vcex-module wpex-text-2xl wpex-font-normal wpex-m-auto wpex-max-w-100 vcex-heading-graphical wpex-block\"><span class=\"vcex-heading-inner wpex-inline-block wpex-clr\">ACTION SAVOIR DIRE<\/span><\/h1><div class=\"vcex-spacing wpex-w-100 wpex-clear\" style=\"height:30px\"><\/div>[vc_column_text]\n<div id=\"genially-animated-7760ce76-f57e-441d-b81a-e51e2bd68382\" class=\"genially-animated-wrapper\" data-initial-left=\"139.1874694748181px\" data-initial-top=\"131.14859904547933px\">\n<div id=\"7760ce76-f57e-441d-b81a-e51e2bd68382\" class=\"genially-view-item genially-view-text text-align-justify interparagraph_small genially-view-text-indent-list-v4 genially-view-text-indent-paragraph-v5\" data-cy=\"textItemView\" data-genially-id=\"60dda48083b8480ded4e5daa\">\n<p>Sur un temps court et adaptable aux besoins et attentes des personnes, l&rsquo;action <em>Savoir Dire<\/em> permet de venir en appui \u00e0 l&rsquo;accompagnement des professionnel\u00b7les du CCAS, P\u00f4le Emploi et We Ker pour mieux accompagner les personnes non francophones dans la d\u00e9finition de leur projet professionnel et la valorisation de leurs comp\u00e9tences au regard du contexte fran\u00e7ais.<\/p>\n<\/div>\n<\/div>\n<div id=\"genially-animated-f9a76d06-7392-4ee0-bf8f-e023383898fa\" class=\"genially-animated-wrapper\" data-initial-left=\"153.5823355448769px\" data-initial-top=\"451.0513364126063px\"><\/div>\n<div id=\"genially-animated-d448abe1-4ed0-4277-bb4f-b09d9c0d4b44\" class=\"genially-animated-wrapper\" data-initial-left=\"142.33113962884835px\" data-initial-top=\"214.39991133307763px\">\n<div id=\"d448abe1-4ed0-4277-bb4f-b09d9c0d4b44\" class=\"genially-view-item genially-view-text text-align-justify interparagraph_small genially-view-text-indent-list-v4 genially-view-text-indent-paragraph-v5\" data-cy=\"textItemView\" data-genially-id=\"60dda48083b8480ded4e5daa\"><\/div>\n<\/div>\n[\/vc_column_text]<div class=\"vcex-spacing wpex-w-100 wpex-clear\" style=\"height:30px\"><\/div><div class=\"vcex-module vcex-icon-box vcex-icon-box-one wpex-relative wpex-flex wpex-text-left\"><div class=\"vcex-icon-box-symbol wpex-flex-shrink-0 wpex-mr-20\"><div class=\"vcex-icon-box-icon wpex-inline-flex wpex-items-center wpex-justify-center wpex-child-inherit-color wpex-text-center wpex-leading-none wpex-text-black\" style=\"color:#6e3548;\"><span class=\"fas fa-arrow-alt-circle-right\" aria-hidden=\"true\"><\/span><\/div><\/a><\/div><div class=\"vcex-icon-box-text wpex-flex-grow\"><h2 class=\"vcex-icon-box-heading wpex-heading wpex-text-md wpex-mb-10\">CONTENUS<\/h2><div class=\"vcex-icon-box-content wpex-last-mb-0 wpex-clr\"><p>3 modules au choix selon les besoins du b\u00e9n\u00e9ficiaire\u00a0 co-anim\u00e9s par Langue et Communication et l&rsquo;AFPA .<\/p>\n<div>\u00ab Je souhaite \u00e9prouver techniquement mes comp\u00e9tences sur le terrain \u00bb<\/div>\n<div><\/div>\n<div>\u00ab Je\u00a0transpose mes savoir-faire acquis\u00a0 \u00e0 l\u2019\u00e9tranger \u00ab\u00a0<\/div>\n<div><\/div>\n<div>\u00a0\u00ab Je me positionne sur le march\u00e9 de l\u2019emploi \u00bb<\/div>\n<\/div><\/div><\/div><div class=\"vcex-spacing wpex-w-100 wpex-clear\" style=\"height:30px\"><\/div><div class=\"vcex-module vcex-icon-box vcex-icon-box-one wpex-relative wpex-flex wpex-text-left\"><div class=\"vcex-icon-box-symbol wpex-flex-shrink-0 wpex-mr-20\"><div class=\"vcex-icon-box-icon wpex-inline-flex wpex-items-center wpex-justify-center wpex-child-inherit-color wpex-text-center wpex-leading-none wpex-text-black\" style=\"color:#6e3548;\"><span class=\"fas fa-users\" aria-hidden=\"true\"><\/span><\/div><\/a><\/div><div class=\"vcex-icon-box-text wpex-flex-grow\"><h2 class=\"vcex-icon-box-heading wpex-heading wpex-text-md wpex-mb-10\">B\u00c9N\u00c9FICIAIRES<\/h2><div class=\"vcex-icon-box-content wpex-last-mb-0 wpex-clr\"><p>Demandeurs d&#8217;emploi, b\u00e9n\u00e9ficiaires du RSA et du PLIE<\/p>\n<\/div><\/div><\/div><div class=\"vcex-module vcex-icon-box vcex-icon-box-one wpex-relative wpex-flex wpex-text-left\"><div class=\"vcex-icon-box-symbol wpex-flex-shrink-0 wpex-mr-20\"><div class=\"vcex-icon-box-icon wpex-inline-flex wpex-items-center wpex-justify-center wpex-child-inherit-color wpex-text-center wpex-leading-none wpex-text-black\" style=\"color:#6e3548;\"><span class=\"fas fa-users\" aria-hidden=\"true\"><\/span><\/div><\/a><\/div><div class=\"vcex-icon-box-text wpex-flex-grow\"><h2 class=\"vcex-icon-box-heading wpex-heading wpex-text-md wpex-mb-10\">B\u00c9N\u00c9FICIAIRES<\/h2><div class=\"vcex-icon-box-content wpex-last-mb-0 wpex-clr\"><p>Demandeurs d&#8217;emploi, b\u00e9n\u00e9ficiaires du RSA et du PLIE<\/p>\n<\/div><\/div><\/div><div class=\"vcex-spacing wpex-w-100 wpex-clear\" style=\"height:30px\"><\/div><div class=\"vcex-module vcex-icon-box vcex-icon-box-three wpex-relative wpex-text-center\"><div class=\"vcex-icon-box-symbol wpex-mb-20\"><img loading=\"lazy\" class=\"vcex-icon-box-image wpex-align-middle\" src=\"https:\/\/langueetcom.fr\/wp-content\/uploads\/Calendrier-2023-02-28-809x450.png\" alt=\"\" width=\"809\" height=\"450\" \/><\/a><\/div><div class=\"vcex-icon-box-text\"><h1 class=\"vcex-icon-box-heading wpex-heading wpex-text-md wpex-mb-10\">CALENDRIER ET MODALITES D'INSCRIPTION<\/h1><\/div><\/div><div class=\"vcex-spacing wpex-w-100 wpex-clear\" style=\"height:30px\"><\/div>[\/vc_column][vc_column width=\u00a0\u00bb1\/3&Prime;]<div class=\"vcex-spacing wpex-w-100 wpex-clear\" style=\"height:30px\"><\/div><div class=\"vcex-module vcex-icon-box vcex-icon-box-two wpex-relative wpex-text-center vc_custom_1651487635891\"><div class=\"vcex-icon-box-symbol wpex-mb-20\"><div class=\"vcex-icon-box-icon wpex-inline-flex wpex-items-center wpex-justify-center wpex-child-inherit-color wpex-text-center wpex-leading-none wpex-text-black\" style=\"color:#6e3548;font-size:4rem;\"><span class=\"far fa-question-circle\" aria-hidden=\"true\"><\/span><\/div><\/a><\/div><div class=\"vcex-icon-box-text\"><div class=\"vcex-icon-box-content wpex-last-mb-0 wpex-clr\"><p style=\"text-align: center\">Votre contact :<\/p>\n<p style=\"text-align: center\">B\u00e9reng\u00e8re PICHON<\/p>\n<p style=\"text-align: center\"><a href=\"mailto:b.pichon@langueetcom.fr\">b.pichon[@]langueetcom.fr<\/a><\/p>\n<p style=\"text-align: center\">Linda LESCOP<\/p>\n<p style=\"text-align: center\"><a href=\"http:\/\/mailto : richard.tramhel@afpa.fr\">linda.lescop<\/a><a href=\"mailto:b.pichon@langueetcom.fr\">[@]<\/a><a href=\"http:\/\/mailto : richard.tramhel@afpa.fr\">afpa.fr<\/a><\/p>\n<p>&nbsp;<\/p>\n<p>&nbsp;<\/p>\n<p>&nbsp;<\/p>\n<\/div><\/div><\/div><div class=\"vcex-spacing wpex-w-100 wpex-clear\" style=\"height:30px\"><\/div><div class=\"vcex-module vcex-icon-box vcex-icon-box-two wpex-relative wpex-text-center vc_custom_1625512281506\"><div class=\"vcex-icon-box-symbol wpex-mb-20\"><img loading=\"lazy\" class=\"vcex-icon-box-image wpex-align-middle\" alt=\"FLE RENNES\" src=\"https:\/\/langueetcom.fr\/wp-content\/uploads\/entreprise-ccas-rennes.jpg\" width=\"199\" height=\"79\" \/><\/a><\/div><div class=\"vcex-icon-box-text\"><\/div><\/div><div class=\"vcex-spacing wpex-w-100 wpex-clear\" style=\"height:30px\"><\/div><div class=\"vcex-module vcex-icon-box vcex-icon-box-two wpex-relative wpex-text-center vc_custom_1651566749171\"><div class=\"vcex-icon-box-symbol wpex-mb-20\"><img loading=\"lazy\" class=\"vcex-icon-box-image wpex-align-middle\" src=\"https:\/\/langueetcom.fr\/wp-content\/uploads\/Bandeau-CTAIR.jpg\" alt=\"\" width=\"585\" height=\"141\" \/><\/a><\/div><div class=\"vcex-icon-box-text\"><\/div><\/div><div class=\"vcex-spacing wpex-w-100 wpex-clear\" style=\"height:30px\"><\/div><div class=\"vcex-module vcex-icon-box vcex-icon-box-two wpex-relative wpex-text-center vc_custom_1625512252407\"><div class=\"vcex-icon-box-symbol wpex-mb-20\"><img loading=\"lazy\" class=\"vcex-icon-box-image wpex-align-middle\" src=\"https:\/\/langueetcom.fr\/wp-content\/uploads\/2020\/07\/afpa.jpg\" alt=\"\" width=\"206\" height=\"107\" \/><\/a><\/div><div class=\"vcex-icon-box-text\"><\/div><\/div><div class=\"vcex-spacing wpex-w-100 wpex-clear\" style=\"height:30px\"><\/div>[vc_column_text]\n<p style=\"text-align: left;\">Je suis r\u00e9f\u00e9rent\u00b7e RSA, PLIE, We Ker, P\u00f4le Emploi et je souhaite positionner un\u00b7e b\u00e9n\u00e9ficiaire &#8230; Je prends contact avec B\u00e9reng\u00e8re Pichon<\/p>\n[\/vc_column_text]<div class=\"vcex-spacing wpex-w-100 wpex-clear\" style=\"height:30px\"><\/div>[\/vc_column][\/vc_row][vc_row css=\u00a0\u00bb.vc_custom_1584007314899{margin-top: 5% !important;}\u00a0\u00bb][vc_column width=\u00a0\u00bb2\/3&Prime;]<h1 class=\"vcex-heading vcex-module wpex-text-2xl wpex-font-normal wpex-m-auto wpex-max-w-100 vcex-heading-graphical wpex-block\"><span class=\"vcex-heading-inner wpex-inline-block wpex-clr\">ASL KODIKO<\/span><\/h1><div class=\"vcex-spacing wpex-w-100 wpex-clear\" style=\"height:30px\"><\/div>[vc_single_image image=\u00a0\u00bb34625&Prime; img_size=\u00a0\u00bbthumbnail\u00a0\u00bb alignment=\u00a0\u00bbcenter\u00a0\u00bb][vc_column_text]Kodiko propose un programme de fran\u00e7ais dans le cadre de son accompagnement de personnes r\u00e9fugi\u00e9es dans leur insertion professionnelle et leur recherche d&#8217;emploi, \u00e0 travers la mise en relation avec des salari\u00e9\u00b7es en entreprise. En compl\u00e9ment de cette d\u00e9marche, une formation linguistique est propos\u00e9e aux personnes prenant part au parcours[\/vc_column_text]<div class=\"vcex-spacing wpex-w-100 wpex-clear\" style=\"height:30px\"><\/div><h1 class=\"vcex-heading vcex-module wpex-text-2xl wpex-font-normal wpex-m-auto wpex-max-w-100 vcex-heading-graphical wpex-block\"><span class=\"vcex-heading-inner wpex-inline-block wpex-clr\">MODULE FRAN\u00c7AIS COMP\u00c9TENCE PROFESSIONNELLE<\/span><\/h1><div class=\"vcex-spacing wpex-w-100 wpex-clear\" style=\"height:30px\"><\/div><div class=\"vcex-module vcex-icon-box vcex-icon-box-one wpex-relative wpex-flex wpex-text-left\"><div class=\"vcex-icon-box-symbol wpex-flex-shrink-0 wpex-mr-20\"><div class=\"vcex-icon-box-icon wpex-inline-flex wpex-items-center wpex-justify-center wpex-child-inherit-color wpex-text-center wpex-leading-none wpex-text-black\" style=\"color:#6e3548;\"><span class=\"fas fa-arrow-alt-circle-right\" aria-hidden=\"true\"><\/span><\/div><\/a><\/div><div class=\"vcex-icon-box-text wpex-flex-grow\"><h2 class=\"vcex-icon-box-heading wpex-heading wpex-text-md wpex-mb-10\">CONTENUS<\/h2><div class=\"vcex-icon-box-content wpex-last-mb-0 wpex-clr\"><p>Vous \u00eates salari\u00e9\u00b7e ou en recherche d\u2019emploi ?<br \/>\nVous \u00eates chef\u00b7fe d\u2019\u00e9quipe ou d\u2019entreprise ou conseiller\u00b7\u00e8re en insertion professionnelle ?<br \/>\nVous recherchez des cours de fran\u00e7ais destin\u00e9s \u00e0 un public migrant en insertion professionnelle?<br \/>\nLe fran\u00e7ais comp\u00e9tence professionnelle est un outil permettant de d\u00e9velopper les comp\u00e9tences \u00e9crites et orales en lien avec une prise de poste ou en vue d\u2019une insertion professionnelle.<\/p>\n<\/div><\/div><\/div><div class=\"vcex-spacing wpex-w-100 wpex-clear\" style=\"height:30px\"><\/div><div class=\"vcex-module vcex-icon-box vcex-icon-box-one wpex-relative wpex-flex wpex-text-left\"><div class=\"vcex-icon-box-symbol wpex-flex-shrink-0 wpex-mr-20\"><div class=\"vcex-icon-box-icon wpex-inline-flex wpex-items-center wpex-justify-center wpex-child-inherit-color wpex-text-center wpex-leading-none wpex-text-black\" style=\"color:#6e3548;\"><span class=\"fas fa-calendar-alt\" aria-hidden=\"true\"><\/span><\/div><\/a><\/div><div class=\"vcex-icon-box-text wpex-flex-grow\"><h2 class=\"vcex-icon-box-heading wpex-heading wpex-text-md wpex-mb-10\">CALENDRIER ET MODALIT\u00c9S<\/h2><div class=\"vcex-icon-box-content wpex-last-mb-0 wpex-clr\"><p>Langue et Communication vous propose des formations sur-mesure adapt\u00e9es \u00e0 vos besoins et\/ou \u00e0 ceux de vos salari\u00e9\u00b7es ou un calendrier de sessions ouvertes. Contactez B\u00e9reng\u00e8re Pichon pour en savoir plus.<\/p>\n<\/div><\/div><\/div><div class=\"vcex-spacing wpex-w-100 wpex-clear\" style=\"height:30px\"><\/div><div class=\"textcenter theme-button-wrap wpex-clr\"><a href=\"https:\/\/langueetcom.fr\/wp-content\/uploads\/0-programme-Groupe-B-MODULE-DE-FRANCAIS-COMPETENCE-PROFESSIONNELLE-IAE-Bretagne-VF.pdf\" class=\"vcex-button theme-button align-center inline\" target=\"_blank\" rel=\"noopener noreferrer\"><span class=\"theme-button-inner\">D\u00c9COUVREZ LES MODALIT\u00c9S DE FORMATION POUR LES SALARIES<\/span><\/a><\/div> <div class=\"vcex-spacing wpex-w-100 wpex-clear\" style=\"height:30px\"><\/div><div class=\"textcenter theme-button-wrap wpex-clr\"><a href=\"https:\/\/langueetcom.fr\/wp-content\/uploads\/0-programme-Groupe-B-MODULE-DE-FRANCAIS-COMPETENCE-PROFESSIONNELLE-RSA-Bretagne-VF.pdf\" class=\"vcex-button theme-button align-center inline\" target=\"_blank\" rel=\"noopener noreferrer\"><span class=\"theme-button-inner\">D\u00c9COUVREZ LES MODALIT\u00c9S DE FORMATION POUR LES BENEFICIAIRES DU RSA<\/span><\/a><\/div> [\/vc_column][vc_column width=\u00a0\u00bb1\/3&Prime;]<div class=\"vcex-spacing wpex-w-100 wpex-clear\" style=\"height:30px\"><\/div><div class=\"vcex-module vcex-icon-box vcex-icon-box-two wpex-relative wpex-text-center vc_custom_1595331303755\"><div class=\"vcex-icon-box-symbol wpex-mb-20\"><div class=\"vcex-icon-box-icon wpex-inline-flex wpex-items-center wpex-justify-center wpex-child-inherit-color wpex-text-center wpex-leading-none wpex-text-black\" style=\"color:#6e3548;font-size:4rem;\"><span class=\"far fa-question-circle\" aria-hidden=\"true\"><\/span><\/div><\/a><\/div><div class=\"vcex-icon-box-text\"><div class=\"vcex-icon-box-content wpex-last-mb-0 wpex-clr\"><p style=\"text-align: center\">Votre contact :<\/p>\n<p style=\"text-align: center\">B\u00e9reng\u00e8re PICHON<\/p>\n<p style=\"text-align: center\"><a href=\"mailto:b.pichon@langueetcom.fr\">b.pichon[@]langueetcom.fr<\/a><\/p>\n<\/div><\/div><\/div><div class=\"vcex-spacing wpex-w-100 wpex-clear\" style=\"height:30px\"><\/div>[\/vc_column][\/vc_row][vc_row css=\u00a0\u00bb.vc_custom_1584007314899{margin-top: 5% !important;}\u00a0\u00bb][vc_column width=\u00a0\u00bb2\/3&Prime;]<h1 class=\"vcex-heading vcex-module wpex-text-2xl wpex-font-normal wpex-m-auto wpex-max-w-100 vcex-heading-graphical wpex-block\"><span class=\"vcex-heading-inner wpex-inline-block wpex-clr\">SAS LINGUISTIQUE INTENSIF - VERS UNE EMBAUCHE EN STRUCTURE D'INSERTION VERS L'ACTIVIT\u00c9 \u00c9CONOMIQUE<\/span><\/h1><div class=\"vcex-spacing wpex-w-100 wpex-clear\" style=\"height:30px\"><\/div><div class=\"vcex-module vcex-icon-box vcex-icon-box-one wpex-relative wpex-flex wpex-text-left\"><div class=\"vcex-icon-box-symbol wpex-flex-shrink-0 wpex-mr-20\"><div class=\"vcex-icon-box-icon wpex-inline-flex wpex-items-center wpex-justify-center wpex-child-inherit-color wpex-text-center wpex-leading-none wpex-text-black\" style=\"color:#6e3548;\"><span class=\"fas fa-arrow-alt-circle-right\" aria-hidden=\"true\"><\/span><\/div><\/a><\/div><div class=\"vcex-icon-box-text wpex-flex-grow\"><h2 class=\"vcex-icon-box-heading wpex-heading wpex-text-md wpex-mb-10\">CONTENUS<\/h2><div class=\"vcex-icon-box-content wpex-last-mb-0 wpex-clr\"><p>Apr\u00e8s plusieurs sessions en 2020 et 2021 financ\u00e9es par le Contrat Territorial d&rsquo;Accueil et d&rsquo;Int\u00e9gration des R\u00e9fugi\u00b7es (CTAIR), deux nouveaux temps du sas linguistique intensif sont propos\u00e9es en 2022 pour les personnes en cours de recrutement et dont le niveau en fran\u00e7ais serait trop faible pour s\u00e9curiser la prise de poste.<\/p>\n<\/div><\/div><\/div><div class=\"textcenter theme-button-wrap wpex-clr\"><a href=\"https:\/\/drive.google.com\/file\/d\/1iLwSP2CG88lnGvkNhbisOxPqX68MtWDA\/view\" class=\"vcex-button theme-button align-center inline\" target=\"_blank\" rel=\"noopener noreferrer\"><span class=\"theme-button-inner\">D\u00c9COUVREZ LES MODALIT\u00c9S DE FORMATION !<\/span><\/a><\/div> <div class=\"vcex-spacing wpex-w-100 wpex-clear\" style=\"height:30px\"><\/div><div class=\"vcex-module vcex-icon-box vcex-icon-box-one wpex-relative wpex-flex wpex-text-left\"><div class=\"vcex-icon-box-symbol wpex-flex-shrink-0 wpex-mr-20\"><div class=\"vcex-icon-box-icon wpex-inline-flex wpex-items-center wpex-justify-center wpex-child-inherit-color wpex-text-center wpex-leading-none wpex-text-black\" style=\"color:#6e3548;\"><span class=\"fas fa-users\" aria-hidden=\"true\"><\/span><\/div><\/a><\/div><div class=\"vcex-icon-box-text wpex-flex-grow\"><h2 class=\"vcex-icon-box-heading wpex-heading wpex-text-md wpex-mb-10\">B\u00c9N\u00c9FICIAIRES<\/h2><div class=\"vcex-icon-box-content wpex-last-mb-0 wpex-clr\"><p><span id=\"page5R_mcid54\" class=\"markedContent\"><span dir=\"ltr\">Personnes engag\u00e9es dans un processus d\u2019embauche au sein d\u2019une SIAE <\/span><\/span><span id=\"page5R_mcid55\" class=\"markedContent\">.<\/span><\/p>\n<\/div><\/div><\/div><div class=\"vcex-spacing wpex-w-100 wpex-clear\" style=\"height:30px\"><\/div><div class=\"vcex-module vcex-icon-box vcex-icon-box-one wpex-relative wpex-flex wpex-text-left\"><div class=\"vcex-icon-box-symbol wpex-flex-shrink-0 wpex-mr-20\"><div class=\"vcex-icon-box-icon wpex-inline-flex wpex-items-center wpex-justify-center wpex-child-inherit-color wpex-text-center wpex-leading-none wpex-text-black\" style=\"color:#6e3548;\"><span class=\"fas fa-calendar-alt\" aria-hidden=\"true\"><\/span><\/div><\/a><\/div><div class=\"vcex-icon-box-text wpex-flex-grow\"><h2 class=\"vcex-icon-box-heading wpex-heading wpex-text-md wpex-mb-10\">CALENDRIER<\/h2><div class=\"vcex-icon-box-content wpex-last-mb-0 wpex-clr\"><p>Pas de sessions en ce moment<\/p>\n<\/div><\/div><\/div><div class=\"vcex-spacing wpex-w-100 wpex-clear\" style=\"height:30px\"><\/div>[\/vc_column][vc_column width=\u00a0\u00bb1\/3&Prime;]<div class=\"vcex-spacing wpex-w-100 wpex-clear\" style=\"height:30px\"><\/div><div class=\"vcex-module vcex-icon-box vcex-icon-box-two wpex-relative wpex-text-center vc_custom_1595331303755\"><div class=\"vcex-icon-box-symbol wpex-mb-20\"><div class=\"vcex-icon-box-icon wpex-inline-flex wpex-items-center wpex-justify-center wpex-child-inherit-color wpex-text-center wpex-leading-none wpex-text-black\" style=\"color:#6e3548;font-size:4rem;\"><span class=\"far fa-question-circle\" aria-hidden=\"true\"><\/span><\/div><\/a><\/div><div class=\"vcex-icon-box-text\"><div class=\"vcex-icon-box-content wpex-last-mb-0 wpex-clr\"><p style=\"text-align: center\">Votre contact :<\/p>\n<p style=\"text-align: center\">B\u00e9reng\u00e8re PICHON<\/p>\n<p style=\"text-align: center\"><a href=\"mailto:b.pichon@langueetcom.fr\">b.pichon[@]langueetcom.fr<\/a><\/p>\n<\/div><\/div><\/div><div class=\"vcex-spacing wpex-w-100 wpex-clear\" style=\"height:30px\"><\/div><div class=\"vcex-spacing wpex-w-100 wpex-clear\" style=\"height:30px\"><\/div><div class=\"textcenter theme-button-wrap wpex-clr\"><a href=\"https:\/\/vello.fi\/peol\/peol\" class=\"vcex-button theme-button align-center inline\" target=\"_blank\" rel=\"noopener noreferrer\"><span class=\"theme-button-inner\">Je prends rdv pour une personne<\/span><\/a><\/div> <div class=\"vcex-spacing wpex-w-100 wpex-clear\" style=\"height:30px\"><\/div><div class=\"textcenter theme-button-wrap wpex-clr\"><a href=\"https:\/\/drive.google.com\/file\/d\/1uGj58fHPzUlFFT90gzlp4V0U_D5Q9Sc8\/view\" class=\"vcex-button theme-button align-center inline\" target=\"_blank\" rel=\"noopener noreferrer\"><span class=\"theme-button-inner\">Je t\u00e9l\u00e9charge le livret \u00e0 remettre au candidat\u00b7e<\/span><\/a><\/div> <div class=\"vcex-spacing wpex-w-100 wpex-clear\" style=\"height:30px\"><\/div>[\/vc_column][\/vc_row][\/vc_section][vc_row][vc_column]<div class=\"vcex-heading vcex-module wpex-text-2xl wpex-font-normal wpex-m-auto wpex-max-w-100 vcex-heading-plain wpex-block wpex-text-center\"><span class=\"vcex-heading-inner wpex-inline-block wpex-clr\">ILS NOUS FONT CONFIANCE !<\/span><\/div><div class=\"vcex-spacing wpex-w-100 wpex-clear\" style=\"height:30px\"><\/div><div class=\"vcex-module wpex-carousel wpex-carousel-images wpex-clr owl-carousel\" data-wpex-carousel=\"{&quot;nav&quot;:false,&quot;dots&quot;:true,&quot;autoplay&quot;:false,&quot;loop&quot;:true,&quot;center&quot;:true,&quot;smartSpeed&quot;:250,&quot;items&quot;:4,&quot;slideBy&quot;:1,&quot;autoplayTimeout&quot;:5000,&quot;margin&quot;:5,&quot;itemsTablet&quot;:3,&quot;itemsMobileLandscape&quot;:2,&quot;itemsMobilePortrait&quot;:1,&quot;autoWidth&quot;:true,&quot;autoHeight&quot;:false}\" style=\"animation-delay:5000s;animation-duration:2s;\"><div class=\"wpex-carousel-slide textcenter\"><figure class=\"wpex-carousel-entry-media entry-media\"><img data-no-lazy=\"1\" class=\"wpex-align-middle skip-lazy\" alt=\"Cours FLE\" src=\"https:\/\/langueetcom.fr\/wp-content\/uploads\/2020\/07\/Espace-Emploi-Pac\u00e9.png\" width=\"300\" height=\"30\" \/><\/figure><\/div><div class=\"wpex-carousel-slide textcenter\"><figure class=\"wpex-carousel-entry-media entry-media\"><img data-no-lazy=\"1\" class=\"wpex-align-middle skip-lazy\" src=\"https:\/\/langueetcom.fr\/wp-content\/uploads\/2021\/01\/Ille-et-Developpement-300x58.png\" alt=\"\" width=\"300\" height=\"58\" \/><\/figure><\/div><div class=\"wpex-carousel-slide textcenter\"><figure class=\"wpex-carousel-entry-media entry-media\"><img data-no-lazy=\"1\" class=\"wpex-align-middle skip-lazy\" src=\"https:\/\/langueetcom.fr\/wp-content\/uploads\/2021\/01\/Declic.jpg\" alt=\"\" width=\"193\" height=\"139\" \/><\/figure><\/div><div class=\"wpex-carousel-slide textcenter\"><figure class=\"wpex-carousel-entry-media entry-media\"><img data-no-lazy=\"1\" class=\"wpex-align-middle skip-lazy\" src=\"https:\/\/langueetcom.fr\/wp-content\/uploads\/2021\/01\/Etudes-et-chantiers-300x162.png\" alt=\"\" width=\"300\" height=\"162\" \/><\/figure><\/div><div class=\"wpex-carousel-slide textcenter\"><figure class=\"wpex-carousel-entry-media entry-media\"><img data-no-lazy=\"1\" class=\"wpex-align-middle skip-lazy\" src=\"https:\/\/langueetcom.fr\/wp-content\/uploads\/Aji-Environnement-300x122.jpg\" alt=\"\" width=\"300\" height=\"122\" \/><\/figure><\/div><div class=\"wpex-carousel-slide textcenter\"><figure class=\"wpex-carousel-entry-media entry-media\"><img data-no-lazy=\"1\" class=\"wpex-align-middle skip-lazy\" alt=\"FLE RENNES\" src=\"https:\/\/langueetcom.fr\/wp-content\/uploads\/2021\/01\/Le-Relais-300x80.png\" width=\"300\" height=\"80\" \/><\/figure><\/div><\/div>[\/vc_column][\/vc_row]\n","protected":false},"excerpt":{"rendered":"<p>[vc_section css=\u00a0\u00bb.vc_custom_1584006388801{padding-right: 15% !important;padding-left: 15% !important;}\u00a0\u00bb][vc_row full_width=\u00a0\u00bbstretch_row_content_no_spaces\u00a0\u00bb][vc_column][\/vc_column][\/vc_row][vc_row css=\u00a0\u00bb.vc_custom_1584007314899{margin-top: 5% !important;}\u00a0\u00bb][vc_column width=\u00a0\u00bb2\/3&Prime;][vc_column_text] Sur un temps court et adaptable aux besoins et attentes des personnes, l&rsquo;action Savoir Dire permet de venir en appui \u00e0 l&rsquo;accompagnement des professionnel\u00b7les du CCAS, P\u00f4le Emploi et&hellip;<\/p>\n","protected":false},"author":4,"featured_media":0,"parent":291,"menu_order":0,"comment_status":"closed","ping_status":"closed","template":"","meta":{"_EventAllDay":false,"_EventTimezone":"","_EventStartDate":"","_EventEndDate":"","_EventStartDateUTC":"","_EventEndDateUTC":"","_EventShowMap":false,"_EventShowMapLink":false,"_EventURL":"","_EventCost":"","_EventCostDescription":"","_EventCurrencySymbol":"","_EventCurrencyPosition":"","_EventDateTimeSeparator":"","_EventTimeRangeSeparator":"","_EventOrganizerID":[],"_EventVenueID":0,"_OrganizerEmail":"","_OrganizerPhone":"","_OrganizerWebsite":"","_VenueAddress":"","_VenueCity":"","_VenueCountry":"","_VenueProvince":"","_VenueZip":"","_VenuePhone":"","_VenueURL":"","_VenueStateProvince":"","_VenueLat":"","_VenueLng":""},"yoast_head":"<!-- This site is optimized with the Yoast SEO plugin v16.4 - https:\/\/yoast.com\/wordpress\/plugins\/seo\/ -->\n<title>Actions d&#039;insertion professionnelle | Langue et Communication<\/title>\n<meta name=\"robots\" content=\"index, follow, max-snippet:-1, max-image-preview:large, max-video-preview:-1\" \/>\n<link rel=\"canonical\" href=\"https:\/\/langueetcom.fr\/actions-de-proximite\/actions-dinsertion-professionnelle\/\" \/>\n<meta property=\"og:locale\" content=\"fr_FR\" \/>\n<meta property=\"og:type\" content=\"article\" \/>\n<meta property=\"og:title\" content=\"Actions d&#039;insertion professionnelle | Langue et Communication\" \/>\n<meta property=\"og:description\" content=\"[vc_section css=\u00a0\u00bb.vc_custom_1584006388801{padding-right: 15% !important;padding-left: 15% !important;}\u00a0\u00bb][vc_row full_width=\u00a0\u00bbstretch_row_content_no_spaces\u00a0\u00bb][vc_column][\/vc_column][\/vc_row][vc_row css=\u00a0\u00bb.vc_custom_1584007314899{margin-top: 5% !important;}\u00a0\u00bb][vc_column width=\u00a0\u00bb2\/3&Prime;][vc_column_text] Sur un temps court et adaptable aux besoins et attentes des personnes, l&rsquo;action Savoir Dire permet de venir en appui \u00e0 l&rsquo;accompagnement des professionnel\u00b7les du CCAS, P\u00f4le Emploi et&hellip;\" \/>\n<meta property=\"og:url\" content=\"https:\/\/langueetcom.fr\/actions-de-proximite\/actions-dinsertion-professionnelle\/\" \/>\n<meta property=\"og:site_name\" content=\"Langue et Communication\" \/>\n<meta property=\"article:modified_time\" content=\"2024-10-11T15:36:33+00:00\" \/>\n<meta name=\"twitter:card\" content=\"summary_large_image\" \/>\n<meta name=\"twitter:label1\" content=\"Dur\u00e9e de lecture est.\" \/>\n\t<meta name=\"twitter:data1\" content=\"8 minutes\" \/>\n<script type=\"application\/ld+json\" class=\"yoast-schema-graph\">{\"@context\":\"https:\/\/schema.org\",\"@graph\":[{\"@type\":\"Organization\",\"@id\":\"https:\/\/langueetcom.fr\/#organization\",\"name\":\"Langue et Communication\",\"url\":\"https:\/\/langueetcom.fr\/\",\"sameAs\":[],\"logo\":{\"@type\":\"ImageObject\",\"@id\":\"https:\/\/langueetcom.fr\/#logo\",\"inLanguage\":\"fr-FR\",\"url\":\"https:\/\/langueetcom.fr\/wp-content\/uploads\/2020\/12\/langueetcom-logo-typoseule-004.png\",\"contentUrl\":\"https:\/\/langueetcom.fr\/wp-content\/uploads\/2020\/12\/langueetcom-logo-typoseule-004.png\",\"width\":909,\"height\":268,\"caption\":\"Langue et Communication\"},\"image\":{\"@id\":\"https:\/\/langueetcom.fr\/#logo\"}},{\"@type\":\"WebSite\",\"@id\":\"https:\/\/langueetcom.fr\/#website\",\"url\":\"https:\/\/langueetcom.fr\/\",\"name\":\"Langue et Communication\",\"description\":\"Centre de formation pour un apprentissage du fran\\u00e7aisriche de sens\",\"publisher\":{\"@id\":\"https:\/\/langueetcom.fr\/#organization\"},\"potentialAction\":[{\"@type\":\"SearchAction\",\"target\":\"https:\/\/langueetcom.fr\/?s={search_term_string}\",\"query-input\":\"required name=search_term_string\"}],\"inLanguage\":\"fr-FR\"},{\"@type\":\"WebPage\",\"@id\":\"https:\/\/langueetcom.fr\/actions-de-proximite\/actions-dinsertion-professionnelle\/#webpage\",\"url\":\"https:\/\/langueetcom.fr\/actions-de-proximite\/actions-dinsertion-professionnelle\/\",\"name\":\"Actions d'insertion professionnelle | Langue et Communication\",\"isPartOf\":{\"@id\":\"https:\/\/langueetcom.fr\/#website\"},\"datePublished\":\"2020-06-15T09:35:05+00:00\",\"dateModified\":\"2024-10-11T15:36:33+00:00\",\"breadcrumb\":{\"@id\":\"https:\/\/langueetcom.fr\/actions-de-proximite\/actions-dinsertion-professionnelle\/#breadcrumb\"},\"inLanguage\":\"fr-FR\",\"potentialAction\":[{\"@type\":\"ReadAction\",\"target\":[\"https:\/\/langueetcom.fr\/actions-de-proximite\/actions-dinsertion-professionnelle\/\"]}]},{\"@type\":\"BreadcrumbList\",\"@id\":\"https:\/\/langueetcom.fr\/actions-de-proximite\/actions-dinsertion-professionnelle\/#breadcrumb\",\"itemListElement\":[{\"@type\":\"ListItem\",\"position\":1,\"item\":{\"@type\":\"WebPage\",\"@id\":\"https:\/\/langueetcom.fr\/\",\"url\":\"https:\/\/langueetcom.fr\/\",\"name\":\"Accueil\"}},{\"@type\":\"ListItem\",\"position\":2,\"item\":{\"@type\":\"WebPage\",\"@id\":\"https:\/\/langueetcom.fr\/actions-de-proximite\/\",\"url\":\"https:\/\/langueetcom.fr\/actions-de-proximite\/\",\"name\":\"Actions de proximit\\u00e9\"}},{\"@type\":\"ListItem\",\"position\":3,\"item\":{\"@id\":\"https:\/\/langueetcom.fr\/actions-de-proximite\/actions-dinsertion-professionnelle\/#webpage\"}}]}]}<\/script>\n<!-- \/ Yoast SEO plugin. -->","_links":{"self":[{"href":"https:\/\/langueetcom.fr\/api\/wp\/v2\/pages\/1108"}],"collection":[{"href":"https:\/\/langueetcom.fr\/api\/wp\/v2\/pages"}],"about":[{"href":"https:\/\/langueetcom.fr\/api\/wp\/v2\/types\/page"}],"author":[{"embeddable":true,"href":"https:\/\/langueetcom.fr\/api\/wp\/v2\/users\/4"}],"replies":[{"embeddable":true,"href":"https:\/\/langueetcom.fr\/api\/wp\/v2\/comments?post=1108"}],"version-history":[{"count":102,"href":"https:\/\/langueetcom.fr\/api\/wp\/v2\/pages\/1108\/revisions"}],"predecessor-version":[{"id":34627,"href":"https:\/\/langueetcom.fr\/api\/wp\/v2\/pages\/1108\/revisions\/34627"}],"up":[{"embeddable":true,"href":"https:\/\/langueetcom.fr\/api\/wp\/v2\/pages\/291"}],"wp:attachment":[{"href":"https:\/\/langueetcom.fr\/api\/wp\/v2\/media?parent=1108"}],"curies":[{"name":"wp","href":"https:\/\/api.w.org\/{rel}","templated":true}]}}