{"id":1265,"date":"2020-07-17T13:53:54","date_gmt":"2020-07-17T11:53:54","guid":{"rendered":"https:\/\/langueetcom.fr\/?page_id=1265"},"modified":"2020-10-21T17:01:51","modified_gmt":"2020-10-21T15:01:51","slug":"inclusive-actions","status":"publish","type":"page","link":"https:\/\/langueetcom.fr\/en\/inclusive-actions\/","title":{"rendered":"Inclusive actions"},"content":{"rendered":"[vc_section css=\u00a0\u00bb.vc_custom_1584006388801{padding-right: 15% !important;padding-left: 15% !important;}\u00a0\u00bb][vc_row full_width=\u00a0\u00bbstretch_row_content_no_spaces\u00a0\u00bb][vc_column]<div class=\"vcex-module vcex-image-banner wpex-relative wpex-overflow-hidden wpex-max-w-100 wpex-bg-gray-900 wpex-text-white wpex-float-center wpex-text-center\" ><span class=\"vcex-ib-img wpex-block wpex-z-1 wpex-transition-all wpex-duration-500 wpex-bg-cover wpex-absolute wpex-inset-0\" style=\"background-image:url(https:\/\/langueetcom.fr\/wp-content\/uploads\/2020\/07\/Rennes-plan-1.jpg);background-position:center center;\"><\/span><div class=\"vcex-ib-overlay wpex-absolute wpex-z-5 wpex-inset-0 wpex-transition-all wpex-duration-500\"><div class=\"vcex-ib-overlay-bg wpex-absolute wpex-inset-0 wpex-bg-black wpex-opacity-30\" style=\"background:#000000;opacity:0.5;\"><\/div><\/div><div class=\"vcex-ib-content-wrap wpex-z-10 wpex-w-100 wpex-transition-all wpex-duration-500 wpex-relative wpex-clr\"><div class=\"vcex-ib-content wpex-mx-auto wpex-clr\"><h1 class=\"vcex-ib-title wpex-heading wpex-inherit-color-important\" data-wpex-rcss='{&quot;font-size&quot;:{&quot;d&quot;:&quot;6rem&quot;,&quot;tl&quot;:&quot;5rem&quot;,&quot;tp&quot;:&quot;5rem&quot;,&quot;pl&quot;:&quot;4rem&quot;,&quot;pp&quot;:&quot;4rem&quot;}}'>Actions de Proximit\u00e9<\/h1><\/div><\/div><\/div>[\/vc_column][\/vc_row][vc_row css=\u00a0\u00bb.vc_custom_1584007314899{margin-top: 5% !important;}\u00a0\u00bb][vc_column width=\u00a0\u00bb2\/3&Prime;]<div class=\"vcex-spacing wpex-w-100 wpex-clear\" style=\"height:30px\"><\/div>[vc_column_text]Nous proposons des ateliers de fran\u00e7ais \u00e0 destination des personnes migrantes, en co-construction avec les partenaires de l\u2019insertion professionnelle, de la culture et du champ social. Nous \u00e9laborons ensemble des actions de formation ancr\u00e9es dans la r\u00e9alit\u00e9 et les besoins rep\u00e9r\u00e9s, dans un objectif de parcours d\u2019insertion et d\u2019int\u00e9gration.[\/vc_column_text][\/vc_column][vc_column width=\u00a0\u00bb1\/3&Prime;]<div class=\"vcex-module vcex-icon-box vcex-icon-box-two wpex-relative wpex-text-center vc_custom_1595331507253\"><div class=\"vcex-icon-box-symbol wpex-mb-20\"><div class=\"vcex-icon-box-icon wpex-inline-flex wpex-items-center wpex-justify-center wpex-child-inherit-color wpex-text-center wpex-leading-none wpex-text-black\" style=\"color:#6e3548;font-size:4rem;\"><span class=\"far fa-question-circle\" aria-hidden=\"true\"><\/span><\/div><\/a><\/div><div class=\"vcex-icon-box-text\"><div class=\"vcex-icon-box-content wpex-last-mb-0 wpex-clr\"><p style=\"text-align: center\">Votre contact :<\/p>\n<p style=\"text-align: center\">B\u00e9reng\u00e8re PICHON<\/p>\n<p style=\"text-align: center\"><a href=\"mailto:b.pichon@langueetcom.fr\">b.pichon[@]langueetcom.fr<\/a><\/p>\n<\/div><\/div><\/div>[\/vc_column][\/vc_row][vc_row css=\u00a0\u00bb.vc_custom_1584007314899{margin-top: 5% !important;}\u00a0\u00bb][vc_column][vc_row_inner css=\u00a0\u00bb.vc_custom_1585132711208{border: 2px initial !important;}\u00a0\u00bb][vc_column_inner css=\u00a0\u00bb.vc_custom_1585132878471{border-top-width: 2px !important;border-right-width: 2px !important;border-bottom-width: 2px !important;border-left-width: 2px !important;padding-right: 1.5rem !important;padding-bottom: 4rem !important;padding-left: 1.5rem !important;border-left-color: #6b1743 !important;border-left-style: solid !important;border-right-color: #6b1743 !important;border-right-style: solid !important;border-top-color: #6b1743 !important;border-top-style: solid !important;border-bottom-color: #6b1743 !important;border-bottom-style: solid !important;border-radius: 15px !important;}\u00a0\u00bb]<h2 class=\"vcex-heading vcex-module wpex-text-2xl wpex-font-normal wpex-m-auto wpex-max-w-100 vcex-heading-plain wpex-block wpex-text-center\"><span class=\"vcex-heading-inner wpex-inline-block wpex-clr\">Ateliers de Savoirs socio-Linguistiques (ASL)<\/span><\/h2><div class=\"vcex-spacing wpex-w-100 wpex-clear\" style=\"height:30px\"><\/div>[vc_column_text text_align=\u00a0\u00bbcenter\u00a0\u00bb]\n<p style=\"text-align: left;\">Parce que parler fran\u00e7ais passe aussi par la d\u00e9couverte de son environnement, nous animons des ateliers de savoirs socio-linguistiques au c\u0153ur des quartiers prioritaires rennais en partenariat avec les acteurs locaux. S\u2019approprier la langue en contexte et en toute confiance sont les ma\u00eetres mots de ces formations au plus pr\u00e8s des besoins des habitant\u00b7es.<\/p>\n[\/vc_column_text]<div class=\"vcex-spacing wpex-w-100 wpex-clear\" style=\"height:30px\"><\/div><div class=\"textcenter theme-button-wrap wpex-clr\"><a href=\"https:\/\/langueetcom.fr\/actions-de-proximite\/ateliers-de-savoirs-socio-linguistiques-asl\/\" class=\"vcex-button theme-button align-center inline\"><span class=\"theme-button-inner\">En savoir plus<\/span><\/a><\/div> [\/vc_column_inner][\/vc_row_inner]<div class=\"vcex-spacing wpex-w-100 wpex-clear\" style=\"height:30px\"><\/div>[vc_row_inner css=\u00a0\u00bb.vc_custom_1585132711208{border: 2px initial !important;}\u00a0\u00bb][vc_column_inner css=\u00a0\u00bb.vc_custom_1585132878471{border-top-width: 2px !important;border-right-width: 2px !important;border-bottom-width: 2px !important;border-left-width: 2px !important;padding-right: 1.5rem !important;padding-bottom: 4rem !important;padding-left: 1.5rem !important;border-left-color: #6b1743 !important;border-left-style: solid !important;border-right-color: #6b1743 !important;border-right-style: solid !important;border-top-color: #6b1743 !important;border-top-style: solid !important;border-bottom-color: #6b1743 !important;border-bottom-style: solid !important;border-radius: 15px !important;}\u00a0\u00bb]<h2 class=\"vcex-heading vcex-module wpex-text-2xl wpex-font-normal wpex-m-auto wpex-max-w-100 vcex-heading-plain wpex-block wpex-text-center\"><span class=\"vcex-heading-inner wpex-inline-block wpex-clr\">Ateliers Alphab\u00e9tisation<\/span><\/h2><div class=\"vcex-spacing wpex-w-100 wpex-clear\" style=\"height:30px\"><\/div>[vc_column_text text_align=\u00a0\u00bbcenter\u00a0\u00bb]\n<p style=\"text-align: left;\">Accompagner les adultes non scolaris\u00e9s dans leur pays d\u2019origine \u00e0 d\u00e9velopper les comp\u00e9tences n\u00e9cessaires dans l\u2019objectif de devenir lecteur-scripteur. Notre formule intensive croise les p\u00e9dagogies pour offrir des supports adapt\u00e9s au besoin de chacun\u00b7e, \u00e9volutifs et ancr\u00e9s dans le quotidien des apprenant\u00b7es. Parce que notre quotidien implique aussi la ma\u00eetrise des outils technologiques ; une partie de notre formation int\u00e8gre du distanciel afin de lutter contre la fracture num\u00e9rique.<\/p>\n[\/vc_column_text]<div class=\"vcex-spacing wpex-w-100 wpex-clear\" style=\"height:30px\"><\/div><div class=\"textcenter theme-button-wrap wpex-clr\"><a href=\"https:\/\/langueetcom.fr\/actions-de-proximite\/ateliers-alphabetisation\/\" class=\"vcex-button theme-button align-center inline\"><span class=\"theme-button-inner\">En savoir plus<\/span><\/a><\/div> [\/vc_column_inner][\/vc_row_inner]<div class=\"vcex-spacing wpex-w-100 wpex-clear\" style=\"height:30px\"><\/div>[vc_row_inner css=\u00a0\u00bb.vc_custom_1585132711208{border: 2px initial !important;}\u00a0\u00bb][vc_column_inner css=\u00a0\u00bb.vc_custom_1585132878471{border-top-width: 2px !important;border-right-width: 2px !important;border-bottom-width: 2px !important;border-left-width: 2px !important;padding-right: 1.5rem !important;padding-bottom: 4rem !important;padding-left: 1.5rem !important;border-left-color: #6b1743 !important;border-left-style: solid !important;border-right-color: #6b1743 !important;border-right-style: solid !important;border-top-color: #6b1743 !important;border-top-style: solid !important;border-bottom-color: #6b1743 !important;border-bottom-style: solid !important;border-radius: 15px !important;}\u00a0\u00bb]<h2 class=\"vcex-heading vcex-module wpex-text-2xl wpex-font-normal wpex-m-auto wpex-max-w-100 vcex-heading-plain wpex-block wpex-text-center\"><span class=\"vcex-heading-inner wpex-inline-block wpex-clr\">Actions d'insertion professionnelle<\/span><\/h2><div class=\"vcex-spacing wpex-w-100 wpex-clear\" style=\"height:30px\"><\/div>[vc_column_text text_align=\u00a0\u00bbcenter\u00a0\u00bb]\n<p style=\"text-align: left;\">Travailler en fran\u00e7ais pour comprendre son environnement professionnel ou son projet de formation, acqu\u00e9rir des outils linguistiques propres \u00e0 chaque corps de m\u00e9tier et s\u2019\u00e9panouir au travail tout en d\u00e9veloppant des comp\u00e9tences professionnelles en fran\u00e7ais : des formules \u00e0 la carte pour les (futur\u00b7es)-salari\u00e9\u00b7es d\u2019entreprise ou de l\u2019insertion professionnelle.<\/p>\n<p style=\"text-align: left;\">Apr\u00e8s un diagnostic des besoins en comp\u00e9tences langagi\u00e8res, nous \u00e9laborons avec soin un programme personnalis\u00e9, r\u00e9aliste et adapt\u00e9 au temps et aux contraintes professionnelles.<\/p>\n[\/vc_column_text]<div class=\"vcex-spacing wpex-w-100 wpex-clear\" style=\"height:30px\"><\/div><div class=\"textcenter theme-button-wrap wpex-clr\"><a href=\"https:\/\/langueetcom.fr\/actions-de-proximite\/actions-dinsertion-professionnelle\/\" class=\"vcex-button theme-button align-center inline\"><span class=\"theme-button-inner\">En savoir plus<\/span><\/a><\/div> [\/vc_column_inner][\/vc_row_inner]<div class=\"vcex-spacing wpex-w-100 wpex-clear\" style=\"height:30px\"><\/div>[vc_row_inner css=\u00a0\u00bb.vc_custom_1585132711208{border: 2px initial !important;}\u00a0\u00bb][vc_column_inner css=\u00a0\u00bb.vc_custom_1585132878471{border-top-width: 2px !important;border-right-width: 2px !important;border-bottom-width: 2px !important;border-left-width: 2px !important;padding-right: 1.5rem !important;padding-bottom: 4rem !important;padding-left: 1.5rem !important;border-left-color: #6b1743 !important;border-left-style: solid !important;border-right-color: #6b1743 !important;border-right-style: solid !important;border-top-color: #6b1743 !important;border-top-style: solid !important;border-bottom-color: #6b1743 !important;border-bottom-style: solid !important;border-radius: 15px !important;}\u00a0\u00bb]<h2 class=\"vcex-heading vcex-module wpex-text-2xl wpex-font-normal wpex-m-auto wpex-max-w-100 vcex-heading-plain wpex-block wpex-text-center\"><span class=\"vcex-heading-inner wpex-inline-block wpex-clr\">Actions innovantes<\/span><\/h2><div class=\"vcex-spacing wpex-w-100 wpex-clear\" style=\"height:30px\"><\/div>[vc_column_text text_align=\u00a0\u00bbcenter\u00a0\u00bb]\n<p style=\"text-align: left;\">Curieuse et cr\u00e9ative, notre \u00e9quipe aime explorer les fronti\u00e8res de l\u2019enseignement du fran\u00e7ais avec le concours de partenariats divers et experts.<\/p>\n<p style=\"text-align: left;\">Originales, pluridisciplinaires, riches et vari\u00e9es, ces actions m\u00ealent les approches et les m\u00e9diums en int\u00e9grant la radio, le th\u00e9\u00e2tre, le jardinage, le v\u00e9lo\u2026 Des m\u00e9thodologies innovantes au c\u0153ur des apprentissages !<\/p>\n[\/vc_column_text]<div class=\"vcex-spacing wpex-w-100 wpex-clear\" style=\"height:30px\"><\/div><div class=\"textcenter theme-button-wrap wpex-clr\"><a href=\"https:\/\/langueetcom.fr\/actions-de-proximite\/actions-innovantes\/\" class=\"vcex-button theme-button align-center inline\"><span class=\"theme-button-inner\">En savoir plus<\/span><\/a><\/div> [\/vc_column_inner][\/vc_row_inner]<div class=\"vcex-spacing wpex-w-100 wpex-clear\" style=\"height:30px\"><\/div>[\/vc_column][\/vc_row][\/vc_section]\n","protected":false},"excerpt":{"rendered":"<p>[vc_section css=\u00a0\u00bb.vc_custom_1584006388801{padding-right: 15% !important;padding-left: 15% !important;}\u00a0\u00bb][vc_row full_width=\u00a0\u00bbstretch_row_content_no_spaces\u00a0\u00bb][vc_column][\/vc_column][\/vc_row][vc_row css=\u00a0\u00bb.vc_custom_1584007314899{margin-top: 5% !important;}\u00a0\u00bb][vc_column width=\u00a0\u00bb2\/3&Prime;][vc_column_text]Nous proposons des ateliers de fran\u00e7ais \u00e0 destination des personnes migrantes, en co-construction avec les partenaires de l\u2019insertion professionnelle, de la culture et du champ social. Nous \u00e9laborons ensemble des&hellip;<\/p>\n","protected":false},"author":1,"featured_media":0,"parent":0,"menu_order":0,"comment_status":"closed","ping_status":"closed","template":"templates\/full-screen.php","meta":{"_EventAllDay":false,"_EventTimezone":"","_EventStartDate":"","_EventEndDate":"","_EventStartDateUTC":"","_EventEndDateUTC":"","_EventShowMap":false,"_EventShowMapLink":false,"_EventURL":"","_EventCost":"","_EventCostDescription":"","_EventCurrencySymbol":"","_EventCurrencyPosition":"","_EventDateTimeSeparator":"","_EventTimeRangeSeparator":"","_EventOrganizerID":[],"_EventVenueID":0,"_OrganizerEmail":"","_OrganizerPhone":"","_OrganizerWebsite":"","_VenueAddress":"","_VenueCity":"","_VenueCountry":"","_VenueProvince":"","_VenueZip":"","_VenuePhone":"","_VenueURL":"","_VenueStateProvince":"","_VenueLat":"","_VenueLng":""},"yoast_head":"<!-- This site is optimized with the Yoast SEO plugin v16.4 - https:\/\/yoast.com\/wordpress\/plugins\/seo\/ -->\n<title>Inclusive actions | Langue et Communication<\/title>\n<meta name=\"robots\" content=\"index, follow, max-snippet:-1, max-image-preview:large, max-video-preview:-1\" \/>\n<link rel=\"canonical\" href=\"https:\/\/langueetcom.fr\/en\/inclusive-actions\/\" \/>\n<meta property=\"og:locale\" content=\"fr_FR\" \/>\n<meta property=\"og:type\" content=\"article\" \/>\n<meta property=\"og:title\" content=\"Inclusive actions | Langue et Communication\" \/>\n<meta property=\"og:description\" content=\"[vc_section css=\u00a0\u00bb.vc_custom_1584006388801{padding-right: 15% !important;padding-left: 15% !important;}\u00a0\u00bb][vc_row full_width=\u00a0\u00bbstretch_row_content_no_spaces\u00a0\u00bb][vc_column][\/vc_column][\/vc_row][vc_row css=\u00a0\u00bb.vc_custom_1584007314899{margin-top: 5% !important;}\u00a0\u00bb][vc_column width=\u00a0\u00bb2\/3&Prime;][vc_column_text]Nous proposons des ateliers de fran\u00e7ais \u00e0 destination des personnes migrantes, en co-construction avec les partenaires de l\u2019insertion professionnelle, de la culture et du champ social. Nous \u00e9laborons ensemble des&hellip;\" \/>\n<meta property=\"og:url\" content=\"https:\/\/langueetcom.fr\/en\/inclusive-actions\/\" \/>\n<meta property=\"og:site_name\" content=\"Langue et Communication\" \/>\n<meta property=\"article:modified_time\" content=\"2020-10-21T15:01:51+00:00\" \/>\n<meta name=\"twitter:card\" content=\"summary_large_image\" \/>\n<meta name=\"twitter:label1\" content=\"Dur\u00e9e de lecture est.\" \/>\n\t<meta name=\"twitter:data1\" content=\"5 minutes\" \/>\n<script type=\"application\/ld+json\" class=\"yoast-schema-graph\">{\"@context\":\"https:\/\/schema.org\",\"@graph\":[{\"@type\":\"Organization\",\"@id\":\"https:\/\/langueetcom.fr\/#organization\",\"name\":\"Langue et Communication\",\"url\":\"https:\/\/langueetcom.fr\/\",\"sameAs\":[],\"logo\":{\"@type\":\"ImageObject\",\"@id\":\"https:\/\/langueetcom.fr\/#logo\",\"inLanguage\":\"fr-FR\",\"url\":\"https:\/\/langueetcom.fr\/wp-content\/uploads\/2020\/12\/langueetcom-logo-typoseule-004.png\",\"contentUrl\":\"https:\/\/langueetcom.fr\/wp-content\/uploads\/2020\/12\/langueetcom-logo-typoseule-004.png\",\"width\":909,\"height\":268,\"caption\":\"Langue et Communication\"},\"image\":{\"@id\":\"https:\/\/langueetcom.fr\/#logo\"}},{\"@type\":\"WebSite\",\"@id\":\"https:\/\/langueetcom.fr\/#website\",\"url\":\"https:\/\/langueetcom.fr\/\",\"name\":\"Langue et Communication\",\"description\":\"Centre de formation pour un apprentissage du fran\\u00e7aisriche de sens\",\"publisher\":{\"@id\":\"https:\/\/langueetcom.fr\/#organization\"},\"potentialAction\":[{\"@type\":\"SearchAction\",\"target\":\"https:\/\/langueetcom.fr\/?s={search_term_string}\",\"query-input\":\"required name=search_term_string\"}],\"inLanguage\":\"fr-FR\"},{\"@type\":\"WebPage\",\"@id\":\"https:\/\/langueetcom.fr\/en\/inclusive-actions\/#webpage\",\"url\":\"https:\/\/langueetcom.fr\/en\/inclusive-actions\/\",\"name\":\"Inclusive actions | Langue et Communication\",\"isPartOf\":{\"@id\":\"https:\/\/langueetcom.fr\/#website\"},\"datePublished\":\"2020-07-17T11:53:54+00:00\",\"dateModified\":\"2020-10-21T15:01:51+00:00\",\"breadcrumb\":{\"@id\":\"https:\/\/langueetcom.fr\/en\/inclusive-actions\/#breadcrumb\"},\"inLanguage\":\"fr-FR\",\"potentialAction\":[{\"@type\":\"ReadAction\",\"target\":[\"https:\/\/langueetcom.fr\/en\/inclusive-actions\/\"]}]},{\"@type\":\"BreadcrumbList\",\"@id\":\"https:\/\/langueetcom.fr\/en\/inclusive-actions\/#breadcrumb\",\"itemListElement\":[{\"@type\":\"ListItem\",\"position\":1,\"item\":{\"@type\":\"WebPage\",\"@id\":\"https:\/\/langueetcom.fr\/\",\"url\":\"https:\/\/langueetcom.fr\/\",\"name\":\"Accueil\"}},{\"@type\":\"ListItem\",\"position\":2,\"item\":{\"@id\":\"https:\/\/langueetcom.fr\/en\/inclusive-actions\/#webpage\"}}]}]}<\/script>\n<!-- \/ Yoast SEO plugin. -->","_links":{"self":[{"href":"https:\/\/langueetcom.fr\/api\/wp\/v2\/pages\/1265"}],"collection":[{"href":"https:\/\/langueetcom.fr\/api\/wp\/v2\/pages"}],"about":[{"href":"https:\/\/langueetcom.fr\/api\/wp\/v2\/types\/page"}],"author":[{"embeddable":true,"href":"https:\/\/langueetcom.fr\/api\/wp\/v2\/users\/1"}],"replies":[{"embeddable":true,"href":"https:\/\/langueetcom.fr\/api\/wp\/v2\/comments?post=1265"}],"version-history":[{"count":2,"href":"https:\/\/langueetcom.fr\/api\/wp\/v2\/pages\/1265\/revisions"}],"predecessor-version":[{"id":2087,"href":"https:\/\/langueetcom.fr\/api\/wp\/v2\/pages\/1265\/revisions\/2087"}],"wp:attachment":[{"href":"https:\/\/langueetcom.fr\/api\/wp\/v2\/media?parent=1265"}],"curies":[{"name":"wp","href":"https:\/\/api.w.org\/{rel}","templated":true}]}}