{"id":289,"date":"2020-01-17T12:11:06","date_gmt":"2020-01-17T11:11:06","guid":{"rendered":"https:\/\/langueetcom.fr\/?page_id=289"},"modified":"2026-03-30T15:11:20","modified_gmt":"2026-03-30T13:11:20","slug":"centre-dexamen-du-tcf","status":"publish","type":"page","link":"https:\/\/langueetcom.fr\/centre-dexamen-du-tcf\/","title":{"rendered":"Centre d&rsquo;examen du TCF"},"content":{"rendered":"[vc_row full_width=\u00a0\u00bbstretch_row_content_no_spaces\u00a0\u00bb content_placement=\u00a0\u00bbmiddle\u00a0\u00bb remove_bottom_col_margin=\u00a0\u00bbtrue\u00a0\u00bb tablet_fullwidth_cols=\u00a0\u00bbyes\u00a0\u00bb el_class=\u00a0\u00bbbarredetitre\u00a0\u00bb css=\u00a0\u00bb.vc_custom_1581522029385{margin-top: -45px !important;}\u00a0\u00bb][vc_column]<div class=\"vcex-module vcex-image-banner wpex-relative wpex-overflow-hidden wpex-max-w-100 wpex-bg-gray-900 wpex-text-white wpex-float-center wpex-text-center\" ><span class=\"vcex-ib-img wpex-block wpex-z-1 wpex-transition-all wpex-duration-500 wpex-bg-cover wpex-absolute wpex-inset-0\" style=\"background-image:url(https:\/\/langueetcom.fr\/wp-content\/uploads\/PXL_20250227_123059516-scaled.jpg);background-position:center center;\"><\/span><div class=\"vcex-ib-overlay wpex-absolute wpex-z-5 wpex-inset-0 wpex-transition-all wpex-duration-500\"><div class=\"vcex-ib-overlay-bg wpex-absolute wpex-inset-0 wpex-bg-black wpex-opacity-30\" style=\"background:#000000;opacity:0.5;\"><\/div><\/div><div class=\"vcex-ib-content-wrap wpex-z-10 wpex-w-100 wpex-transition-all wpex-duration-500 wpex-relative wpex-clr\"><div class=\"vcex-ib-content wpex-mx-auto wpex-clr\"><h1 class=\"vcex-ib-title wpex-heading wpex-inherit-color-important\" data-wpex-rcss='{&quot;font-size&quot;:{&quot;d&quot;:&quot;6rem&quot;,&quot;tl&quot;:&quot;5rem&quot;,&quot;tp&quot;:&quot;5rem&quot;,&quot;pl&quot;:&quot;4rem&quot;,&quot;pp&quot;:&quot;4rem&quot;}}'>TCF<\/h1><\/div><\/div><\/div>[vc_empty_space][\/vc_column][\/vc_row][vc_row][vc_column width=\u00a0\u00bb1\/6&Prime;][\/vc_column][vc_column width=\u00a0\u00bb2\/3&Prime;][vc_empty_space]<h3 class=\"vcex-heading vcex-module wpex-text-2xl wpex-font-normal wpex-m-auto wpex-max-w-100 vcex-heading-plain wpex-block wpex-text-center\"><span class=\"vcex-heading-inner wpex-inline-block wpex-clr\">Nos Tests de Connaissance du Fran\u00e7ais (TCF)<\/span><\/h3>[vc_empty_space][\/vc_column][vc_column width=\u00a0\u00bb1\/6&Prime;][\/vc_column][\/vc_row][vc_row][vc_column width=\u00a0\u00bb1\/6&Prime;][\/vc_column][vc_column width=\u00a0\u00bb2\/3&Prime;][vc_column_text]\n<p style=\"text-align: center;\"><span data-teams=\"true\">Inscriptions au TCF possibles par <strong>mail<\/strong>, par <strong>courrier<\/strong> ou <strong>sur place<\/strong> pendant les horaires d\u2019ouverture de l\u2019accueil <strong>sauf<\/strong> le <strong>vendredi apr\u00e8s-midi<\/strong><\/span><\/p>\n[\/vc_column_text][\/vc_column][vc_column width=\u00a0\u00bb1\/6&Prime;][\/vc_column][\/vc_row][vc_row][vc_column][vc_row_inner equal_height=\u00a0\u00bbyes\u00a0\u00bb][vc_column_inner width=\u00a0\u00bb1\/2&Prime;][vc_empty_space][vc_single_image image=\u00a0\u00bb28690&Prime; img_size=\u00a0\u00bbmedium\u00a0\u00bb alignment=\u00a0\u00bbcenter\u00a0\u00bb onclick=\u00a0\u00bbcustom_link\u00a0\u00bb img_link_target=\u00a0\u00bb_blank\u00a0\u00bb link=\u00a0\u00bbhttps:\/\/www.france-education-international.fr\/test\/tcf-irn?langue=fr\u00a0\u00bb][vc_empty_space][vc_empty_space]<div class=\"vcex-module vcex-icon-box vcex-icon-box-two wpex-relative wpex-text-center vc_custom_1741176135210\"><div class=\"vcex-icon-box-symbol wpex-mb-20\"><div class=\"vcex-icon-box-icon wpex-inline-flex wpex-items-center wpex-justify-center wpex-child-inherit-color wpex-text-center wpex-leading-none wpex-text-black\"><span class=\"ticon ticon-calendar\" aria-hidden=\"true\"><\/span><\/div><\/a><\/div><div class=\"vcex-icon-box-text\"><h2 class=\"vcex-icon-box-heading wpex-heading wpex-text-md wpex-mb-10\">TCF IRN<\/h2><div class=\"vcex-icon-box-content wpex-last-mb-0 wpex-clr\"><p style=\"text-align: center\"><span style=\"font-size: 21px\"><strong><span class=\"ticon ticon-sign-in\" style=\"color:000;font-size:20px;\"><\/span>\u00a0<\/strong><\/span> \u00a0\u00a0 \u00a0\u00a0<a href=\"https:\/\/langueetcom.fr\/tcf-irn\/\">Toutes les informations<\/a><\/p>\n<p>&nbsp;<\/p>\n<p style=\"text-align: center\"><span style=\"text-decoration: underline\"><span style=\"font-size: 21px\">Nos dates :<\/span><\/span><\/p>\n<p style=\"text-align: center\">\n<table id=\"tablepress-48\" class=\"tablepress tablepress-id-48 Tableaux\">\n<thead>\n<tr class=\"row-1 odd\">\n\t<th class=\"column-1\">    <\/th><th class=\"column-2\">&nbsp;<\/th><th class=\"column-3\">Dates des prochaines sessions<\/th><th class=\"column-4\">&nbsp;<\/th><th class=\"column-5\">Dates limites d\u2019inscription (dans la limite des places disponibles)<\/th>\n<\/tr>\n<\/thead>\n<tbody class=\"row-hover\">\n<tr class=\"row-2 even\">\n\t<td class=\"column-1\">Mars 2026<\/td><td class=\"column-2\"><\/td><td class=\"column-3\">Toutes les sessions de mars sont compl\u00e8tes<\/td><td class=\"column-4\"><\/td><td class=\"column-5\"><\/td>\n<\/tr>\n<tr class=\"row-3 odd\">\n\t<td class=\"column-1\">Avril 2026<\/td><td class=\"column-2\"><\/td><td class=\"column-3\">Toutes les sessions d'avril sont compl\u00e8tes<\/td><td class=\"column-4\"><\/td><td class=\"column-5\"><\/td>\n<\/tr>\n<tr class=\"row-4 even\">\n\t<td class=\"column-1\">Mai 2026<\/td><td class=\"column-2\"><\/td><td class=\"column-3\">Lundi 04\/05\/26<br \/>\nLundi 18\/05\/26<br \/>\nMercredi 27\/05\/26<\/td><td class=\"column-4\"><\/td><td class=\"column-5\"> => COMPLET<br \/>\n => COMPLET<br \/>\nJusqu\u2019au 23\/04\/26<\/td>\n<\/tr>\n<tr class=\"row-5 odd\">\n\t<td class=\"column-1\">Juin 2026<\/td><td class=\"column-2\"><\/td><td class=\"column-3\">Lundi 01\/06\/26<br \/>\nLundi 08\/06\/26<br \/>\nLundi 15\/06\/26<br \/>\nMercredi  24\/06\/26<br \/>\nLundi 29\/06\/26<\/td><td class=\"column-4\"><\/td><td class=\"column-5\">Jusqu\u2019au 28\/04\/26<br \/>\nJusqu\u2019au 06\/05\/26<br \/>\nJusqu\u2019au 13\/05\/26<br \/>\nJusqu\u2019au 27\/05\/26<br \/>\nJusqu\u2019au 29\/05\/26<\/td>\n<\/tr>\n<tr class=\"row-6 even\">\n\t<td class=\"column-1\">Juillet 2026<\/td><td class=\"column-2\"><\/td><td class=\"column-3\">Lundi 06\/07\/26<br \/>\nLundi 20\/07\/26<br \/>\nMercredi 22\/07\/26<br \/>\nLundi 27\/07\/26<\/td><td class=\"column-4\"><\/td><td class=\"column-5\">Jusqu\u2019au 05\/06\/26<br \/>\nJusqu\u2019au 19\/06\/26<br \/>\nJusqu\u2019au 23\/06\/26<br \/>\nJusqu\u2019au 26\/06\/26<\/td>\n<\/tr>\n<\/tbody>\n<\/table>\n<!-- #tablepress-48 from cache -->\n<\/div><\/div><\/div>[vc_empty_space]<div class=\"textcenter theme-button-wrap wpex-clr\"><a href=\"https:\/\/www.france-education-international.fr\/document\/presentationtcfirn\" class=\"vcex-button theme-button align-center inline\" target=\"_blank\" rel=\"noopener noreferrer\"><span class=\"theme-button-inner\"><span class=\"vcex-icon-wrap theme-button-icon-left\"><span class=\"fas fa-info-circle\" aria-hidden=\"true\"><\/span><\/span>TCF IRN &#8211; Fiche de pr\u00e9sentation<\/span><\/a><\/div> [vc_empty_space]<div class=\"textcenter theme-button-wrap wpex-clr\"><a href=\"https:\/\/langueetcom.fr\/wp-content\/uploads\/1-TCF-IRN-Formulaire-dinscription-2026-Nouveau-tarif.pdf\" class=\"vcex-button theme-button align-center inline\" target=\"_blank\" rel=\"noopener noreferrer\"><span class=\"theme-button-inner\"><span class=\"vcex-icon-wrap theme-button-icon-left\"><span class=\"far fa-file-alt\" aria-hidden=\"true\"><\/span><\/span>TCF IRN &#8211; Formulaire d&rsquo;inscription<\/span><\/a><\/div> [vc_empty_space][\/vc_column_inner][vc_column_inner width=\u00a0\u00bb1\/2&Prime; css=\u00a0\u00bb.vc_custom_1741176346965{border-top-width: 2px !important;border-right-width: 2px !important;border-bottom-width: 2px !important;border-left-width: 2px !important;padding-right: 1.5rem !important;padding-bottom: 4rem !important;padding-left: 1.5rem !important;}\u00a0\u00bb][vc_empty_space][vc_single_image image=\u00a0\u00bb28691&Prime; img_size=\u00a0\u00bbmedium\u00a0\u00bb alignment=\u00a0\u00bbcenter\u00a0\u00bb onclick=\u00a0\u00bbcustom_link\u00a0\u00bb img_link_target=\u00a0\u00bb_blank\u00a0\u00bb link=\u00a0\u00bbhttps:\/\/www.france-education-international.fr\/test\/tcf-tout-public?langue=fr\u00a0\u00bb][vc_empty_space][vc_empty_space]<div class=\"vcex-module vcex-icon-box vcex-icon-box-two wpex-relative wpex-text-center vc_custom_1762181516845\"><div class=\"vcex-icon-box-symbol wpex-mb-20\"><div class=\"vcex-icon-box-icon wpex-inline-flex wpex-items-center wpex-justify-center wpex-child-inherit-color wpex-text-center wpex-leading-none wpex-text-black\"><span class=\"ticon ticon-calendar\" aria-hidden=\"true\"><\/span><\/div><\/a><\/div><div class=\"vcex-icon-box-text\"><h2 class=\"vcex-icon-box-heading wpex-heading wpex-text-md wpex-mb-10\">TCF Tout Public (TP)<\/h2><div class=\"vcex-icon-box-content wpex-last-mb-0 wpex-clr\"><p style=\"text-align: center\"><span style=\"font-size: 21px\"><strong><span class=\"ticon ticon-sign-in\" style=\"color:000;font-size:20px;\"><\/span>\u00a0<\/strong><\/span> \u00a0\u00a0 \u00a0\u00a0<a href=\"https:\/\/langueetcom.fr\/centre-dexamen-du-tcf\/tcf-tout-public\/\">Toutes les informations<\/a><\/p>\n<p>&nbsp;<\/p>\n<p style=\"text-align: center\"><span style=\"text-decoration: underline\"><span style=\"font-size: 21px\">Nos dates : <\/span><\/span><\/p>\n<p style=\"text-align: center\">\n<table id=\"tablepress-50\" class=\"tablepress tablepress-id-50\">\n<thead>\n<tr class=\"row-1 odd\">\n\t<th class=\"column-1\">&nbsp;<\/th><th class=\"column-2\">&nbsp;<\/th><th class=\"column-3\">Date des prochaines sessions<\/th><th class=\"column-4\">&nbsp;<\/th><th class=\"column-5\">Date limite d\u2019inscription dans la limite des places disponibles<\/th>\n<\/tr>\n<\/thead>\n<tbody class=\"row-hover\">\n<tr class=\"row-2 even\">\n\t<td class=\"column-1\">F\u00e9vrier<\/td><td class=\"column-2\"><\/td><td class=\"column-3\">Lundi 16\/02\/26<\/td><td class=\"column-4\"><\/td><td class=\"column-5\">SESSION CLOSE<\/td>\n<\/tr>\n<tr class=\"row-3 odd\">\n\t<td class=\"column-1\">Juin<\/td><td class=\"column-2\"><\/td><td class=\"column-3\">Lundi 22\/06\/26<\/td><td class=\"column-4\"><\/td><td class=\"column-5\">Jusqu'au 20\/05\/2026<\/td>\n<\/tr>\n<tr class=\"row-4 even\">\n\t<td class=\"column-1\">Novembre<\/td><td class=\"column-2\"><\/td><td class=\"column-3\">Lundi 16\/11\/26<\/td><td class=\"column-4\"><\/td><td class=\"column-5\">Jusqu'au 14\/10\/2026<\/td>\n<\/tr>\n<\/tbody>\n<\/table>\n<!-- #tablepress-50 from cache -->\n<p>&nbsp;<\/p>\n<p>&nbsp;<\/p>\n<p>&nbsp;<\/p>\n<p>&nbsp;<\/p>\n<p>&nbsp;<\/p>\n<\/div><\/div><\/div>[vc_empty_space]<div class=\"textcenter theme-button-wrap wpex-clr\"><a href=\"https:\/\/www.france-education-international.fr\/document\/presentationtcftp\" class=\"vcex-button theme-button align-center inline\" target=\"_blank\" rel=\"noopener noreferrer\"><span class=\"theme-button-inner\"><span class=\"vcex-icon-wrap theme-button-icon-left\"><span class=\"fas fa-info-circle\" aria-hidden=\"true\"><\/span><\/span>TCF TP &#8211; Fiche de pr\u00e9sentation<\/span><\/a><\/div> [vc_empty_space]<div class=\"textcenter theme-button-wrap wpex-clr\"><a href=\"https:\/\/langueetcom.fr\/wp-content\/uploads\/1-TCF-TP-Formulaire-dinscription-2026.pdf\" class=\"vcex-button theme-button align-center inline\" target=\"_blank\" rel=\"noopener noreferrer\"><span class=\"theme-button-inner\"><span class=\"vcex-icon-wrap theme-button-icon-left\"><span class=\"far fa-file-alt\" aria-hidden=\"true\"><\/span><\/span>TCF TP &#8211; Formulaire d&rsquo;inscription 2026<\/span><\/a><\/div> [vc_empty_space][\/vc_column_inner][\/vc_row_inner][vc_row_inner][vc_column_inner][vc_empty_space][vc_column_text]\n<p style=\"text-align: center;\"><span style=\"font-family: Dosis;\">Le <strong>TCF<\/strong> est un test de niveau linguistique avec pour objectif <strong>d&rsquo;\u00e9valuer<\/strong>, \u00e0 un moment donn\u00e9, la capacit\u00e9 du candidat.e \u00e0 utiliser le <strong>fran\u00e7ais g\u00e9n\u00e9ral<\/strong>. Il est destin\u00e9 \u00e0 toutes les personnes qui souhaitent, pour des raisons <strong>professionnelles<\/strong> ou <strong>personnelles<\/strong> conna\u00eetre et certifier leur niveau de fran\u00e7ais. Le r\u00e9sultat du test situe les personnes candidates au TCF sur l\u2019un des<strong> 6 niveaux<\/strong> (de A1 \u00e0 C2) de l\u2019\u00e9chelle de comp\u00e9tences d\u00e9finie par le <strong>Cadre Europ\u00e9en Commun de R\u00e9f\u00e9rence pour les Langues<\/strong> (CERCRL). Sa dur\u00e9e de validit\u00e9 est de <strong>deux ans.<\/strong><\/span><\/p>\n[\/vc_column_text][vc_empty_space][vc_empty_space][\/vc_column_inner][\/vc_row_inner][\/vc_column][\/vc_row][vc_row gap=\u00a0\u00bb20&Prime; equal_height=\u00a0\u00bbyes\u00a0\u00bb css=\u00a0\u00bb.vc_custom_1694429412849{margin-right: 2px !important;margin-left: 2px !important;}\u00a0\u00bb][vc_column width=\u00a0\u00bb1\/2&Prime; css=\u00a0\u00bb.vc_custom_1636735824125{border-top-width: 2px !important;border-right-width: 2px !important;border-bottom-width: 2px !important;border-left-width: 2px !important;padding-right: 1.5rem !important;padding-bottom: 4rem !important;padding-left: 1.5rem !important;border-left-color: #6b1743 !important;border-left-style: solid !important;border-right-color: #6b1743 !important;border-right-style: solid !important;border-top-color: #6b1743 !important;border-top-style: solid !important;border-bottom-color: #6b1743 !important;border-bottom-style: solid !important;border-radius: 20px !important;}\u00a0\u00bb][vc_empty_space][vc_empty_space][vc_empty_space height=\u00a0\u00bb36&Prime;][vc_empty_space]<div class=\"vcex-module vcex-icon-box vcex-icon-box-two wpex-relative wpex-text-center\"><div class=\"vcex-icon-box-symbol wpex-mb-20\"><div class=\"vcex-icon-box-icon wpex-inline-flex wpex-items-center wpex-justify-center wpex-child-inherit-color wpex-text-center wpex-leading-none wpex-text-black\" style=\"color:#6e3548;\"><span class=\"far fa-question-circle\" aria-hidden=\"true\"><\/span><\/div><\/a><\/div><div class=\"vcex-icon-box-text\"><h3 class=\"vcex-icon-box-heading wpex-heading wpex-text-md wpex-mb-10\" style=\"color:#6e3548;font-size:2.2rem;\">Une question ?<\/h3><div class=\"vcex-icon-box-content wpex-last-mb-0 wpex-clr\"><p style=\"text-align: center\">\n<p style=\"text-align: center\"><span style=\"font-size: 21px\">Contactez\u2013nous : <a href=\"mailto:tcf@langueetcom.fr\">tcf[@]langueetcom.fr<\/a><\/span><\/p>\n<\/div><\/div><\/div>[vc_empty_space height=\u00a0\u00bb36&Prime;][\/vc_column][vc_column width=\u00a0\u00bb1\/2&Prime; css=\u00a0\u00bb.vc_custom_1740153896134{border-top-width: 2px !important;border-right-width: 2px !important;border-bottom-width: 2px !important;border-left-width: 2px !important;padding-top: 2px !important;padding-right: 1.5rem !important;padding-bottom: 4rem !important;padding-left: 1.5rem !important;border-left-color: #6e3548 !important;border-left-style: solid !important;border-right-color: #6e3548 !important;border-right-style: solid !important;border-top-color: #6e3548 !important;border-top-style: solid !important;border-bottom-color: #6e3548 !important;border-bottom-style: solid !important;border-radius: 20px !important;}\u00a0\u00bb]<div class=\"vcex-module vcex-icon-box vcex-icon-box-two wpex-relative wpex-text-center\"><div class=\"vcex-icon-box-symbol wpex-mb-20\"><div class=\"vcex-icon-box-icon wpex-inline-flex wpex-items-center wpex-justify-center wpex-child-inherit-color wpex-text-center wpex-leading-none wpex-text-black\" style=\"color:#6e3548;\"><span class=\"fas fa-edit\" aria-hidden=\"true\"><\/span><\/div><\/a><\/div><div class=\"vcex-icon-box-text\"><h3 class=\"vcex-icon-box-heading wpex-heading wpex-text-md wpex-mb-10\" style=\"color:#6e3548;font-size:2.2rem;\">Suivez nos cours de pr\u00e9paration au TCF !<\/h3><div class=\"vcex-icon-box-content wpex-last-mb-0 wpex-clr\"><p style=\"text-align: center\"><span style=\"font-size: 21px\">24 heures de cours du soir et 12 heures en ligne pour r\u00e9viser des points de langue et se pr\u00e9parer aux 4 \u00e9preuves du TCF IRN<\/span><\/p>\n<p style=\"text-align: center\"><span style=\"font-size: 21px\">Toutes les informations <a href=\"https:\/\/langueetcom.fr\/cours\/cours-extensifs\/\">ici<\/a>.<\/span><\/p>\n<p style=\"text-align: center\">Formation avec certification \u00e9ligible au CPF<\/p>\n<p><img loading=\"lazy\" class=\"size-full wp-image-24504 aligncenter\" src=\"https:\/\/langueetcom.fr\/wp-content\/uploads\/CPF-2.png\" alt=\"cours de fran\u00e7ais rennes\" width=\"150\" height=\"77\" \/><\/p>\n<\/div><\/div><\/div>[\/vc_column][\/vc_row][vc_section content_placement=\u00a0\u00bbmiddle\u00a0\u00bb wpex_post_thumbnail_bg=\u00a0\u00bbtrue\u00a0\u00bb wpex_bg_size=\u00a0\u00bb50%\u00a0\u00bb wpex_bg_position=\u00a0\u00bbleft center\u00a0\u00bb][\/vc_section]\n","protected":false},"excerpt":{"rendered":"<p>[vc_row full_width=\u00a0\u00bbstretch_row_content_no_spaces\u00a0\u00bb content_placement=\u00a0\u00bbmiddle\u00a0\u00bb remove_bottom_col_margin=\u00a0\u00bbtrue\u00a0\u00bb tablet_fullwidth_cols=\u00a0\u00bbyes\u00a0\u00bb el_class=\u00a0\u00bbbarredetitre\u00a0\u00bb css=\u00a0\u00bb.vc_custom_1581522029385{margin-top: -45px !important;}\u00a0\u00bb][vc_column][vc_empty_space][\/vc_column][\/vc_row][vc_row][vc_column width=\u00a0\u00bb1\/6&Prime;][\/vc_column][vc_column width=\u00a0\u00bb2\/3&Prime;][vc_empty_space][vc_empty_space][\/vc_column][vc_column width=\u00a0\u00bb1\/6&Prime;][\/vc_column][\/vc_row][vc_row][vc_column width=\u00a0\u00bb1\/6&Prime;][\/vc_column][vc_column width=\u00a0\u00bb2\/3&Prime;][vc_column_text] Inscriptions au TCF possibles par mail, par courrier ou sur place pendant les horaires d\u2019ouverture de l\u2019accueil sauf le vendredi apr\u00e8s-midi [\/vc_column_text][\/vc_column][vc_column width=\u00a0\u00bb1\/6&Prime;][\/vc_column][\/vc_row][vc_row][vc_column][vc_row_inner equal_height=\u00a0\u00bbyes\u00a0\u00bb][vc_column_inner width=\u00a0\u00bb1\/2&Prime;][vc_empty_space][vc_single_image image=\u00a0\u00bb28690&Prime;&hellip;<\/p>\n","protected":false},"author":1,"featured_media":0,"parent":0,"menu_order":0,"comment_status":"closed","ping_status":"closed","template":"templates\/no-sidebar.php","meta":{"_EventAllDay":false,"_EventTimezone":"","_EventStartDate":"","_EventEndDate":"","_EventStartDateUTC":"","_EventEndDateUTC":"","_EventShowMap":false,"_EventShowMapLink":false,"_EventURL":"","_EventCost":"","_EventCostDescription":"","_EventCurrencySymbol":"","_EventCurrencyPosition":"","_EventDateTimeSeparator":"","_EventTimeRangeSeparator":"","_EventOrganizerID":[],"_EventVenueID":0,"_OrganizerEmail":"","_OrganizerPhone":"","_OrganizerWebsite":"","_VenueAddress":"","_VenueCity":"","_VenueCountry":"","_VenueProvince":"","_VenueZip":"","_VenuePhone":"","_VenueURL":"","_VenueStateProvince":"","_VenueLat":"","_VenueLng":""},"yoast_head":"<!-- This site is optimized with the Yoast SEO plugin v16.4 - https:\/\/yoast.com\/wordpress\/plugins\/seo\/ -->\n<title>Centre d&#039;examen du TCF | Langue et Communication<\/title>\n<meta name=\"robots\" content=\"index, follow, max-snippet:-1, max-image-preview:large, max-video-preview:-1\" \/>\n<link rel=\"canonical\" href=\"https:\/\/langueetcom.fr\/centre-dexamen-du-tcf\/\" \/>\n<meta property=\"og:locale\" content=\"fr_FR\" \/>\n<meta property=\"og:type\" content=\"article\" \/>\n<meta property=\"og:title\" content=\"Centre d&#039;examen du TCF | Langue et Communication\" \/>\n<meta property=\"og:description\" content=\"[vc_row full_width=\u00a0\u00bbstretch_row_content_no_spaces\u00a0\u00bb content_placement=\u00a0\u00bbmiddle\u00a0\u00bb remove_bottom_col_margin=\u00a0\u00bbtrue\u00a0\u00bb tablet_fullwidth_cols=\u00a0\u00bbyes\u00a0\u00bb el_class=\u00a0\u00bbbarredetitre\u00a0\u00bb css=\u00a0\u00bb.vc_custom_1581522029385{margin-top: -45px !important;}\u00a0\u00bb][vc_column][vc_empty_space][\/vc_column][\/vc_row][vc_row][vc_column width=\u00a0\u00bb1\/6&Prime;][\/vc_column][vc_column width=\u00a0\u00bb2\/3&Prime;][vc_empty_space][vc_empty_space][\/vc_column][vc_column width=\u00a0\u00bb1\/6&Prime;][\/vc_column][\/vc_row][vc_row][vc_column width=\u00a0\u00bb1\/6&Prime;][\/vc_column][vc_column width=\u00a0\u00bb2\/3&Prime;][vc_column_text] Inscriptions au TCF possibles par mail, par courrier ou sur place pendant les horaires d\u2019ouverture de l\u2019accueil sauf le vendredi apr\u00e8s-midi [\/vc_column_text][\/vc_column][vc_column width=\u00a0\u00bb1\/6&Prime;][\/vc_column][\/vc_row][vc_row][vc_column][vc_row_inner equal_height=\u00a0\u00bbyes\u00a0\u00bb][vc_column_inner width=\u00a0\u00bb1\/2&Prime;][vc_empty_space][vc_single_image image=\u00a0\u00bb28690&Prime;&hellip;\" \/>\n<meta property=\"og:url\" content=\"https:\/\/langueetcom.fr\/centre-dexamen-du-tcf\/\" \/>\n<meta property=\"og:site_name\" content=\"Langue et Communication\" \/>\n<meta property=\"article:modified_time\" content=\"2026-03-30T13:11:20+00:00\" \/>\n<meta property=\"og:image\" content=\"https:\/\/langueetcom.fr\/wp-content\/uploads\/CPF-2.png\" \/>\n<meta name=\"twitter:card\" content=\"summary_large_image\" \/>\n<meta name=\"twitter:label1\" content=\"Dur\u00e9e de lecture est.\" \/>\n\t<meta name=\"twitter:data1\" content=\"3 minutes\" \/>\n<script type=\"application\/ld+json\" class=\"yoast-schema-graph\">{\"@context\":\"https:\/\/schema.org\",\"@graph\":[{\"@type\":\"Organization\",\"@id\":\"https:\/\/langueetcom.fr\/#organization\",\"name\":\"Langue et Communication\",\"url\":\"https:\/\/langueetcom.fr\/\",\"sameAs\":[],\"logo\":{\"@type\":\"ImageObject\",\"@id\":\"https:\/\/langueetcom.fr\/#logo\",\"inLanguage\":\"fr-FR\",\"url\":\"https:\/\/langueetcom.fr\/wp-content\/uploads\/2020\/12\/langueetcom-logo-typoseule-004.png\",\"contentUrl\":\"https:\/\/langueetcom.fr\/wp-content\/uploads\/2020\/12\/langueetcom-logo-typoseule-004.png\",\"width\":909,\"height\":268,\"caption\":\"Langue et Communication\"},\"image\":{\"@id\":\"https:\/\/langueetcom.fr\/#logo\"}},{\"@type\":\"WebSite\",\"@id\":\"https:\/\/langueetcom.fr\/#website\",\"url\":\"https:\/\/langueetcom.fr\/\",\"name\":\"Langue et Communication\",\"description\":\"Centre de formation pour un apprentissage du fran\\u00e7aisriche de sens\",\"publisher\":{\"@id\":\"https:\/\/langueetcom.fr\/#organization\"},\"potentialAction\":[{\"@type\":\"SearchAction\",\"target\":\"https:\/\/langueetcom.fr\/?s={search_term_string}\",\"query-input\":\"required name=search_term_string\"}],\"inLanguage\":\"fr-FR\"},{\"@type\":\"ImageObject\",\"@id\":\"https:\/\/langueetcom.fr\/centre-dexamen-du-tcf\/#primaryimage\",\"inLanguage\":\"fr-FR\",\"url\":\"https:\/\/langueetcom.fr\/wp-content\/uploads\/CPF-2.png\",\"contentUrl\":\"https:\/\/langueetcom.fr\/wp-content\/uploads\/CPF-2.png\",\"width\":150,\"height\":77,\"caption\":\"cours de fran\\u00e7ais rennes\"},{\"@type\":\"WebPage\",\"@id\":\"https:\/\/langueetcom.fr\/centre-dexamen-du-tcf\/#webpage\",\"url\":\"https:\/\/langueetcom.fr\/centre-dexamen-du-tcf\/\",\"name\":\"Centre d'examen du TCF | Langue et Communication\",\"isPartOf\":{\"@id\":\"https:\/\/langueetcom.fr\/#website\"},\"primaryImageOfPage\":{\"@id\":\"https:\/\/langueetcom.fr\/centre-dexamen-du-tcf\/#primaryimage\"},\"datePublished\":\"2020-01-17T11:11:06+00:00\",\"dateModified\":\"2026-03-30T13:11:20+00:00\",\"breadcrumb\":{\"@id\":\"https:\/\/langueetcom.fr\/centre-dexamen-du-tcf\/#breadcrumb\"},\"inLanguage\":\"fr-FR\",\"potentialAction\":[{\"@type\":\"ReadAction\",\"target\":[\"https:\/\/langueetcom.fr\/centre-dexamen-du-tcf\/\"]}]},{\"@type\":\"BreadcrumbList\",\"@id\":\"https:\/\/langueetcom.fr\/centre-dexamen-du-tcf\/#breadcrumb\",\"itemListElement\":[{\"@type\":\"ListItem\",\"position\":1,\"item\":{\"@type\":\"WebPage\",\"@id\":\"https:\/\/langueetcom.fr\/\",\"url\":\"https:\/\/langueetcom.fr\/\",\"name\":\"Accueil\"}},{\"@type\":\"ListItem\",\"position\":2,\"item\":{\"@id\":\"https:\/\/langueetcom.fr\/centre-dexamen-du-tcf\/#webpage\"}}]}]}<\/script>\n<!-- \/ Yoast SEO plugin. -->","_links":{"self":[{"href":"https:\/\/langueetcom.fr\/api\/wp\/v2\/pages\/289"}],"collection":[{"href":"https:\/\/langueetcom.fr\/api\/wp\/v2\/pages"}],"about":[{"href":"https:\/\/langueetcom.fr\/api\/wp\/v2\/types\/page"}],"author":[{"embeddable":true,"href":"https:\/\/langueetcom.fr\/api\/wp\/v2\/users\/1"}],"replies":[{"embeddable":true,"href":"https:\/\/langueetcom.fr\/api\/wp\/v2\/comments?post=289"}],"version-history":[{"count":578,"href":"https:\/\/langueetcom.fr\/api\/wp\/v2\/pages\/289\/revisions"}],"predecessor-version":[{"id":43638,"href":"https:\/\/langueetcom.fr\/api\/wp\/v2\/pages\/289\/revisions\/43638"}],"wp:attachment":[{"href":"https:\/\/langueetcom.fr\/api\/wp\/v2\/media?parent=289"}],"curies":[{"name":"wp","href":"https:\/\/api.w.org\/{rel}","templated":true}]}}